{"id":2379,"date":"2018-10-20T23:07:01","date_gmt":"2018-10-20T21:07:01","guid":{"rendered":"http:\/\/www.clubsurco.es\/?page_id=2379"},"modified":"2026-04-11T23:07:54","modified_gmt":"2026-04-11T21:07:54","slug":"04-05-2019-calar-alto","status":"publish","type":"page","link":"https:\/\/www.clubsurco.es\/?page_id=2379","title":{"rendered":"3 JDM &#8211; 11 &#8211; 4 &#8211; 2026"},"content":{"rendered":"<h2><span style=\"color: #ff0000;\"><strong>3\u00aa JDM \u2013 11 Abril \u2013 \u00cdllar<\/strong><\/span><\/h2>\n<h3><span style=\"color: #008000;\"><strong>I Carrera de Orientaci\u00f3n Villa de \u00cdllar<\/strong><\/span><\/h3>\n<p>Esta ma\u00f1ana se ha celebrado la 3\u00aa prueba de los JDM 2026 en \u00cdLLAR.<\/p>\n<p>Tambi\u00e9n ha sido la I Carrera de Orientaci\u00f3n Villa de \u00cdllar.<\/p>\n<p>Aqu\u00ed est\u00e1n los resultados. Se abre un plazo de 3 d\u00edas para formular reclamaciones.<\/p>\n<p>Si las hubiese, un comit\u00e9 t\u00e9cnico las estudiar\u00e1 y si fuesen procedentes ser\u00e1n aplicadas.<\/p>\n<p>Si no las hubiese, el mi\u00e9rcoles d\u00eda 15 de Abril estos resultados ser\u00e1n dados como definitivos.<\/p>\n<p style=\"text-align: center;\"><a href=\"https:\/\/www.clubsurco.es\/wp-content\/uploads\/Resultados-2026-04-11-I-Carrera-Orientacion-Villa-de-Illar.html\"><span style=\"color: #ff0000;\"><strong><u>RESULTADOS I Carrera Orientaci\u00f3n Villa de \u00cdllar<\/u><\/strong><\/span><\/a><\/p>\n<p style=\"text-align: center;\"><a href=\"https:\/\/www.clubsurco.es\/wp-content\/uploads\/Resultados-2026-04-11-I-Carrera-Orientacion-Villa-de-Illar.pdf\"><span style=\"color: #ff0000;\"><strong><u>RESULTADOS I Carrera Orientaci\u00f3n Villa de \u00cdllar \u2013 PdF<\/u><\/strong><\/span><\/a><\/p>\n<p style=\"text-align: center;\"><a href=\"https:\/\/www.clubsurco.es\/wp-content\/uploads\/Parciales-2026-04-11-I-Carrera-Orientacion-Villa-de-Illar.html\"><span style=\"color: #ff0000;\"><strong><u>PARCIALES I Carrera Orientaci\u00f3n Villa de \u00cdllar<\/u><\/strong><\/span><\/a><\/p>\n<p style=\"text-align: center;\"><em>\u00a0<\/em><a href=\"https:\/\/www.clubsurco.es\/wp-content\/uploads\/Parciales-2026-04-11-I-Carrera-Orientacion-Villa-de-Illar.pdf\"><span style=\"color: #ff0000;\"><strong><u>PARCIALES I Carrera Orientaci\u00f3n Villa de \u00cdllar &#8211; PdF<\/u><\/strong><\/span><\/a><\/p>\n<p style=\"text-align: center;\"><a href=\"https:\/\/obasen.orientering.se\/winsplits\/online\/es\/show_event.asp?id=111434\"><span style=\"color: #ff0000;\"><strong><u>WINSPLITS I Carrera Orientaci\u00f3n Villa de \u00cdllar<\/u><\/strong><\/span><\/a><\/p>\n<p>&nbsp;<\/p>\n<p style=\"text-align: center;\"><a href=\"https:\/\/www.clubsurco.es\/wp-content\/uploads\/Resultados-2026-04-11-3-JDM-Illar.html\"><span style=\"color: #ff0000;\"><strong><u>RESULTADOS JDM<\/u><\/strong><\/span><\/a><\/p>\n<p style=\"text-align: center;\"><a href=\"https:\/\/www.clubsurco.es\/wp-content\/uploads\/Resultados-2026-04-11-3-JDM-Illar.pdf\"><span style=\"color: #ff0000;\"><strong><u>RESULTADOS JDM &#8211; PdF<\/u><\/strong><\/span><\/a><\/p>\n<p style=\"text-align: center;\"><a href=\"https:\/\/www.clubsurco.es\/wp-content\/uploads\/Parciales-2026-04-11-3-JDM-Illar.html\"><span style=\"color: #ff0000;\"><strong><u>PARCIALES JDM<\/u><\/strong><\/span><\/a><\/p>\n<p style=\"text-align: center;\"><a href=\"https:\/\/www.clubsurco.es\/wp-content\/uploads\/Parciales-2026-04-11-3-JDM-Illar.pdf\"><span style=\"color: #ff0000;\"><strong><u>PARCIALES JDM &#8211; PdF<\/u><\/strong><\/span><\/a><\/p>\n<p style=\"text-align: center;\"><a href=\"https:\/\/obasen.orientering.se\/winsplits\/online\/es\/show_event.asp?id=111435\"><span style=\"color: #ff0000;\"><strong><u>WINSPLITS JDM<\/u><\/strong><\/span><\/a><\/p>\n<p><em>\u00a0<\/em><\/p>\n<p style=\"text-align: center;\"><a href=\"https:\/\/www.clubsurco.es\/wp-content\/uploads\/JDM-2026-clasificacion-1IIIII-JDM.pdf\"><span style=\"color: #ff0000;\"><strong><u>CLASIFICACI\u00d3N GENERAL JDM 2026<\/u><\/strong><\/span><\/a><\/p>\n<p>&nbsp;<\/p>\n<p style=\"text-align: center;\"><a href=\"https:\/\/photos.app.goo.gl\/zbLxuRKKG1J21eUe9\"><span style=\"color: #0000ff;\"><strong><u>FOTOS<\/u><\/strong><\/span><\/a><\/p>\n<p>&nbsp;<\/p>\n<p>Si necesitas m\u00e1s informaci\u00f3n:<\/p>\n<p><strong><em>inscripciones.surco@gmail.com<\/em><\/strong><\/p>\n<p>&nbsp;<\/p>\n<p>&nbsp;<\/p>\n<p><img loading=\"lazy\" decoding=\"async\" class=\"aligncenter size-medium wp-image-9643\" src=\"https:\/\/www.clubsurco.es\/wp-content\/uploads\/Cartel-carrera-de-Illar-Club-de-Illar-212x300.jpeg\" alt=\"\" width=\"212\" height=\"300\" srcset=\"https:\/\/www.clubsurco.es\/wp-content\/uploads\/Cartel-carrera-de-Illar-Club-de-Illar-212x300.jpeg 212w, https:\/\/www.clubsurco.es\/wp-content\/uploads\/Cartel-carrera-de-Illar-Club-de-Illar-724x1024.jpeg 724w, https:\/\/www.clubsurco.es\/wp-content\/uploads\/Cartel-carrera-de-Illar-Club-de-Illar-768x1087.jpeg 768w, https:\/\/www.clubsurco.es\/wp-content\/uploads\/Cartel-carrera-de-Illar-Club-de-Illar-1086x1536.jpeg 1086w, https:\/\/www.clubsurco.es\/wp-content\/uploads\/Cartel-carrera-de-Illar-Club-de-Illar-619x876.jpeg 619w, https:\/\/www.clubsurco.es\/wp-content\/uploads\/Cartel-carrera-de-Illar-Club-de-Illar.jpeg 1104w\" sizes=\"auto, (max-width: 212px) 100vw, 212px\" \/><\/p>\n<p><strong><u>PROGRAMA <\/u><\/strong><\/p>\n<p>&#8212;&#8211;Mi\u00e9rcoles 25 de Marzo 2026 &#8211; Apertura de inscripciones.<\/p>\n<p>&#8212;&#8211;Lunes 6 de Abril 2026 &#8211; Final y cierre de Inscripciones.<\/p>\n<p>&#8212;&#8211;<strong><u>S\u00e1bado 11 de Abril &#8211; 3\u00aa prueba JDM\u00a0 Orientaci\u00f3n 2026<\/u><\/strong><\/p>\n<p>09:30 &#8211; Apertura del centro de competici\u00f3n y entrega de pinzas a los corredores.<\/p>\n<p><strong>09:30 \u2013 Peque\u00f1a charla de iniciaci\u00f3n al Deporte de Orientaci\u00f3n<\/strong><\/p>\n<p>10:00 &#8211; Comienzo SALIDAS Carrera en L\u00cdNEA.<\/p>\n<p>10:30 &#8211; Fin SALIDAS.<\/p>\n<p>11:00 \u2013 Salidas PREBENJAM\u00cdN en zona de META.<\/p>\n<p>12:30 &#8211; Cierre de META. Todos los corredores deber\u00e1n regresar aunque no hayan terminado su recorrido ya que se comenzar\u00e1 la retirada de balizas.<\/p>\n<p><span style=\"color: #0000ff;\"><strong>12:45\u00a0 &#8211; Premiaci\u00f3n a los tres primeros de cada categor\u00eda. (Participantes de los JDM)<\/strong><\/span><\/p>\n<p><span style=\"color: #ff0000;\"><strong>13:00 &#8211; Premiaci\u00f3n a los tres primeros de cada categor\u00eda de los vecinos de \u00cdllar inscritos en la \u201cI Carrera de Orientaci\u00f3n Villa de \u00cdllar\u201d<\/strong><\/span><\/p>\n<p>21:30 &#8211; Publicaci\u00f3n de resultados provisionales JDM . <strong>( No vecinos de \u00cdllar)<\/strong>.<\/p>\n<p>&#8211; Apertura del plazo de 3 d\u00edas de reclamaciones. De no presentarse ninguna, ser\u00e1n considerados como definitivos.<\/p>\n<p><span style=\"color: #ff0000;\"><strong><u>A tener en cuenta:<\/u><\/strong><\/span><\/p>\n<p>&#8212; Los corredores deber\u00e1n estar con la suficiente antelaci\u00f3n en la zona de carrera para tener tiempo de recoger su pinza electr\u00f3nica o su tarjeta antes de su hora de salida.<\/p>\n<p>&#8212; Los corredores que se retiren, sea cual sea la causa, est\u00e1n obligados a pasar por META y comunicarlo para evitar preocupaciones y b\u00fasquedas innecesarias.<\/p>\n<p>&#8212; Pasada la hora de cierre de META, los corredores que no hayan terminado su recorrido deber\u00e1n dejar la competici\u00f3n y volver a META, ya que a esa hora comenzar\u00e1 la recogida de balizas, no estando por tanto garantizado que puedan encontrar las que est\u00e9n buscando.<\/p>\n<h2 style=\"text-align: center;\"><span style=\"color: #008000;\"><strong>================================<\/strong><\/span><\/h2>\n<p><span style=\"color: #ff0000;\"><strong>ESPECIAL INSCRIPCIONES VECINOS de \u00cdLLAR<\/strong><\/span><\/p>\n<p>Con el fin de que los vecinos de \u00cdllar tengan un primer contacto con este deporte, se les ofrece la posibilidad de participar en esta carrera que celebraremos en su localidad. Para ellos la participaci\u00f3n ser\u00e1 gratuita. \u00danicamente, tendr\u00e1n que rellenar este formulario de inscripci\u00f3n para saber qui\u00e9nes van a participar y preparar su mapa.<\/p>\n<p><a href=\"https:\/\/forms.gle\/PyL2LB1x19utWpy37\"><img loading=\"lazy\" decoding=\"async\" class=\"aligncenter wp-image-9606\" src=\"https:\/\/www.clubsurco.es\/wp-content\/uploads\/Boton-Verde-Vecinos-ILLAR-300x109.jpg\" alt=\"\" width=\"201\" height=\"73\" srcset=\"https:\/\/www.clubsurco.es\/wp-content\/uploads\/Boton-Verde-Vecinos-ILLAR-300x109.jpg 300w, https:\/\/www.clubsurco.es\/wp-content\/uploads\/Boton-Verde-Vecinos-ILLAR.jpg 603w\" sizes=\"auto, (max-width: 201px) 100vw, 201px\" \/><\/a><\/p>\n<p>Correr\u00e1n con el resto de participantes, por lo que el lugar y los horarios son los mismos. El plazo de inscripci\u00f3n tambi\u00e9n es el mismo, por lo que <strong>las inscripciones deber\u00e1n hacerse antes del 6 de Abril a las 22h.<\/strong><\/p>\n<h2 style=\"text-align: center;\"><span style=\"color: #008000;\"><strong>================================<\/strong><\/span><\/h2>\n<p><span style=\"color: #ff0000;\"><strong>INSCRIPCIONES (con o sin JDM)<\/strong><\/span><\/p>\n<p>Con el fin de facilitar la participaci\u00f3n en las carreras a corredores que s\u00f3lo lo har\u00e1n aleatoriamente sin participar en los JDM, se habilita una inscripci\u00f3n sin los requerimientos del PMD. Estos corredores no entrar\u00e1n en la clasificaci\u00f3n de los JDM y <strong>su inscripci\u00f3n s\u00f3lo es v\u00e1lida para esta carrera<\/strong>.<\/p>\n<p>Su precio es de: 5 \u20ac<\/p>\n<p><span style=\"color: #ff0000;\"><strong>COMPETIR y PARTICIPAR en los JDM<\/strong><\/span><\/p>\n<p>El precio para competir y participar en los JDM es de <span style=\"color: #ff0000;\"><strong>15 \u20ac<\/strong><\/span>. Con este <span style=\"color: #ff0000;\"><strong>\u00fanico pago de 15 \u20ac se puede participar en las 5 carreras. <\/strong><\/span><\/p>\n<p>El Patronato Municipal de Deportes exige que para participar en los Juegos Deportivos Municipales se debe estar inscrito en el Patronato.<\/p>\n<p>Para ello, antes de inscribirse en las carreras se debe pertenecer al Patronato Municipal de Deportes (PMD).<\/p>\n<p>Si ya est\u00e1s afiliado al PMD, necesitar\u00e1s saber tu n\u00famero de afiliado. Ser\u00e1 imprescindible para inscribirte en las carreras.<\/p>\n<p><strong>Si no est\u00e1s afiliado al PMD, deber\u00e1s afiliarte<\/strong>. Es muy sencillo, s\u00f3lo lleva unos minutos, y s\u00f3lo cuesta 3 \u20ac.<\/p>\n<p>La validez de la afiliaci\u00f3n es indefinida.<\/p>\n<p>En este PdF se explica <strong>c\u00f3mo saber si ya est\u00e1s afiliado<\/strong>, y en caso de que no lo est\u00e9s, c\u00f3mo afiliarte.<\/p>\n<p><a href=\"https:\/\/www.clubsurco.es\/wp-content\/uploads\/Inscripci\u00f3n-en-Patronato-2025.pdf\"><span style=\"color: #0000ff;\"><strong>Inscripci\u00f3n en Patronato.PdF<\/strong><\/span><\/a><\/p>\n<p><span style=\"color: #ff0000;\"><strong>Web del Patronato<\/strong><\/span><\/p>\n<p><a href=\"https:\/\/ovpmd.aytoalmeria.es\/\"><img loading=\"lazy\" decoding=\"async\" class=\"aligncenter wp-image-6556\" src=\"https:\/\/www.clubsurco.es\/wp-content\/uploads\/Inscripci\u00f3n-PMD-1-300x127.jpg\" alt=\"\" width=\"430\" height=\"182\" srcset=\"https:\/\/www.clubsurco.es\/wp-content\/uploads\/Inscripci\u00f3n-PMD-1-300x127.jpg 300w, https:\/\/www.clubsurco.es\/wp-content\/uploads\/Inscripci\u00f3n-PMD-1-768x324.jpg 768w, https:\/\/www.clubsurco.es\/wp-content\/uploads\/Inscripci\u00f3n-PMD-1-1024x432.jpg 1024w, https:\/\/www.clubsurco.es\/wp-content\/uploads\/Inscripci\u00f3n-PMD-1-619x261.jpg 619w, https:\/\/www.clubsurco.es\/wp-content\/uploads\/Inscripci\u00f3n-PMD-1.jpg 1346w\" sizes=\"auto, (max-width: 430px) 100vw, 430px\" \/><\/a><\/p>\n<p>El sistema te habr\u00e1 asignado un n\u00famero de abonado que ser\u00e1 imprescindible para inscribirte en las carreras.<\/p>\n<p>Recuerda este n\u00famero, ya que se te pedir\u00e1 para inscribirte en todas las carreras de los Juegos Deportivos<\/p>\n<p><strong>\u00a0<\/strong><span style=\"color: #ff0000;\"><strong>INSCRIPCIONES para la carrera<\/strong><\/span><\/p>\n<p>Los corredores que quieran participar en esta carrera deber\u00e1n inscribirse dentro del plazo previsto que finaliza el <span style=\"color: #ff0000;\"><strong>6 de Abril a las 22:00.<\/strong><\/span><\/p>\n<p>Una vez terminado el plazo, el formulario ser\u00e1 cerrado y s\u00f3lo los inscritos hasta esa fecha, que adem\u00e1s hayan pagado su inscripci\u00f3n, participar\u00e1n en la competici\u00f3n.<\/p>\n<p><span style=\"color: #ff0000;\"><strong>NO SE HAR\u00c1N INSCRIPCIONES EL D\u00cdA DE LA CARRERA<\/strong><\/span><\/p>\n<p>Para inscribirse, rellenar el formulario correspondiente e ingresar el coste de tu inscripci\u00f3n.<\/p>\n<p>Cuenta del Club:<\/p>\n<p><strong>OPEN BANK\u00a0 <\/strong>\u00a0\u00a0\u00a0IBAN n\u00ba\u00a0\u00a0\u00a0 <span style=\"color: #ff0000;\"><strong>ES84 0073 0100 5604 8779 9336<\/strong><\/span><\/p>\n<p>Titular: <strong>Club de Orientaci\u00f3n SURCO<\/strong><\/p>\n<p>No olvidar indicar el <span style=\"color: #ff0000;\"><strong>nombre del corredor<\/strong> <strong>en el ingreso<\/strong><\/span>.<\/p>\n<p>No ser\u00e1n tenidos en cuenta para la competici\u00f3n los inscritos que no hayan pagado su cuota.<\/p>\n<p>En esta p\u00e1gina figurar\u00e1 y se actualizar\u00e1 regularmente la lista de inscritos.<\/p>\n<p><span style=\"color: #ff0000;\"><strong><u>IMPORTANTE<\/u><\/strong><\/span><\/p>\n<p>Los que os inscribisteis a alguna prueba anterior y pagasteis la inscripci\u00f3n de los JDM, ya ten\u00e9is pagados los JDM y no ten\u00e9is que ingresar nada. Sin embargo, <span style=\"color: #ff0000;\"><strong>S\u00cd TEN\u00c9IS que INSCRIBIROS<\/strong><\/span> de nuevo para teneros en cuenta a la hora de imprimir los mapas.<\/p>\n<p><span style=\"color: #ff0000;\"><strong><u>CORRER sin estar INSCRITO<\/u><\/strong><\/span><\/p>\n<p>Los corredores no inscritos o que no hayan pagado su inscripci\u00f3n, que deseen hacer un recorrido, podr\u00e1n hacerlo a t\u00edtulo personal comprando un mapa <strong>( 1 \u20ac )<\/strong> en la zona de carrera <span style=\"color: #ff0000;\"><strong>(s\u00f3lo Iniciaci\u00f3n Adultos o Prebenjam\u00edn) (hasta fin de existencias)<\/strong><\/span>, pero no se les controlar\u00e1 el tiempo, no entrar\u00e1n en la clasificaci\u00f3n y lo har\u00e1n bajo su responsabilidad ya que no estar\u00e1n protegidos por el seguro de la prueba. Estos corredores no podr\u00e1n empezar hasta pasados cinco minutos de la salida del \u00faltimo corredor de la competici\u00f3n oficial.<\/p>\n<p><span style=\"color: #ff0000;\"><strong><u>FORMATO de CARRERA<\/u><\/strong><\/span><\/p>\n<p><span style=\"color: #ff0000;\"><strong>Carrera en L\u00cdNEA<\/strong><\/span> &#8211; Salida a intervalos.<\/p>\n<p>Los corredores salen a intervalos de 2 minutos. Una vez en carrera, deben pasar obligatoriamente por todos los puntos de control marcados en su mapa sin dejarse ninguno. Y muy importante, los controles deben ser visitados en el <strong>orden indicado<\/strong> en su mapa. La falta de controles, o su marcado en un orden diferente al indicado en el mapa, ser\u00e1 motivo de descalificaci\u00f3n. Una vez picada la META, el corredor habr\u00e1 terminado su carrera, no pudiendo volver a la competici\u00f3n en busca de los controles que no hubiese picado.<\/p>\n<p><span style=\"color: #ff0000;\"><strong><u>COMENTARIOS del CART\u00d3GRAFO-TRAZADOR<\/u><\/strong><\/span><\/p>\n<p>Pr\u00f3ximamente<\/p>\n<p><span style=\"color: #ff0000;\"><strong><u>DISTANCIAS y DESNIVELES<\/u><\/strong><\/span><\/p>\n<p><img loading=\"lazy\" decoding=\"async\" class=\"aligncenter wp-image-9666\" src=\"https:\/\/www.clubsurco.es\/wp-content\/uploads\/Distancias-y-desniveles-ILLAR-2026-300x157.jpg\" alt=\"\" width=\"552\" height=\"289\" srcset=\"https:\/\/www.clubsurco.es\/wp-content\/uploads\/Distancias-y-desniveles-ILLAR-2026-300x157.jpg 300w, https:\/\/www.clubsurco.es\/wp-content\/uploads\/Distancias-y-desniveles-ILLAR-2026-768x402.jpg 768w, https:\/\/www.clubsurco.es\/wp-content\/uploads\/Distancias-y-desniveles-ILLAR-2026-619x324.jpg 619w, https:\/\/www.clubsurco.es\/wp-content\/uploads\/Distancias-y-desniveles-ILLAR-2026.jpg 915w\" sizes=\"auto, (max-width: 552px) 100vw, 552px\" \/><\/p>\n<p><span style=\"color: #ff0000;\"><strong><u>EQUIPO de \u00a0ORGANIZACI\u00d3N (provisional)<\/u><\/strong><\/span><\/p>\n<p>-Director de carrera \u2013 <strong>Domingo Rodr\u00edguez Barranco<\/strong><\/p>\n<p>-Cart\u00f3grafo \u2013 <strong>Domingo Rodr\u00edguez Barranco<\/strong><\/p>\n<p>-Trazadora \u2013 <strong>Silvia S\u00e1nchez Plaza<\/strong><\/p>\n<p>-Cronometraje \u2013 <strong>Juan David P\u00e9rez-Caballero Fern\u00e1ndez<\/strong><\/p>\n<p>-Inscripciones &#8211; <strong>Juan David P\u00e9rez-Caballero Fern\u00e1ndez<\/strong><\/p>\n<p>-Secretar\u00eda, entrega dorsales y pinzas<\/p>\n<p><strong>\u00a0\u00a0\u00a0\u00a0\u00a0\u00a0\u00a0\u00a0\u00a0\u00a0\u00a0\u00a0\u00a0\u00a0\u00a0\u00a0\u00a0\u00a0\u00a0\u00a0 <\/strong>&#8211; <strong>Juan David P\u00e9rez-Caballero Fern\u00e1ndez<\/strong><\/p>\n<p><strong>\u00a0\u00a0\u00a0\u00a0\u00a0\u00a0\u00a0\u00a0\u00a0\u00a0\u00a0\u00a0\u00a0\u00a0\u00a0\u00a0\u00a0\u00a0\u00a0\u00a0 <\/strong>&#8211; <strong>Jos\u00e9 M\u00aa Moya Godino<\/strong><\/p>\n<p>-Charla de iniciaci\u00f3n al Deporte de Orientaci\u00f3n<\/p>\n<p><strong>\u00a0\u00a0\u00a0\u00a0\u00a0\u00a0\u00a0\u00a0\u00a0\u00a0\u00a0\u00a0\u00a0\u00a0\u00a0\u00a0\u00a0\u00a0\u00a0\u00a0 <\/strong>&#8211; <strong>Silvia S\u00e1nchez Plaza<\/strong><\/p>\n<p>-Colocadores &#8211; <strong>Domingo Rodr\u00edguez Barranco<\/strong><\/p>\n<p><strong>\u00a0\u00a0\u00a0\u00a0\u00a0\u00a0\u00a0\u00a0\u00a0\u00a0\u00a0\u00a0\u00a0\u00a0\u00a0\u00a0\u00a0\u00a0\u00a0\u00a0\u00a0\u00a0\u00a0\u00a0 &#8211; Jos\u00e9 Luis Mart\u00ednez Ram\u00edrez<\/strong><\/p>\n<p><strong>\u00a0\u00a0\u00a0\u00a0\u00a0\u00a0\u00a0\u00a0\u00a0\u00a0\u00a0\u00a0\u00a0\u00a0\u00a0\u00a0\u00a0\u00a0\u00a0\u00a0\u00a0\u00a0\u00a0\u00a0 &#8211; Silvia S\u00e1nchez Plaza<\/strong><\/p>\n<p>-Salida \u2013 <strong>David de Dios Vi\u00f1as<\/strong><\/p>\n<p><strong>\u00a0\u00a0\u00a0\u00a0\u00a0\u00a0\u00a0\u00a0\u00a0\u00a0\u00a0\u00a0\u00a0\u00a0\u00a0\u00a0\u00a0\u00a0\u00a0\u00a0\u00a0\u00a0\u00a0\u00a0 &#8211; M\u00aa \u00c1ngeles Ram\u00edrez P\u00e9rez<\/strong><\/p>\n<p><strong>\u00a0\u00a0\u00a0\u00a0\u00a0\u00a0\u00a0\u00a0\u00a0\u00a0\u00a0\u00a0\u00a0\u00a0\u00a0\u00a0\u00a0\u00a0\u00a0\u00a0\u00a0\u00a0\u00a0 \u00a0&#8211; Blanca Jimena Paredes Guevara<\/strong><\/p>\n<p><strong>\u00a0\u00a0\u00a0\u00a0\u00a0\u00a0\u00a0\u00a0\u00a0\u00a0\u00a0\u00a0\u00a0\u00a0\u00a0\u00a0\u00a0\u00a0\u00a0\u00a0\u00a0\u00a0\u00a0\u00a0 &#8211; <\/strong><\/p>\n<p>-Meta <strong>&#8211; <\/strong><strong>Domingo Rodr\u00edguez Barranco<\/strong><\/p>\n<p><span style=\"color: #ff0000;\"><strong><u>ACCESO al CENTRO de COMPETICI\u00d3N<\/u><\/strong><\/span><\/p>\n<p>El CENTRO de COMPETICI\u00d3N en el que se har\u00e1 la entrega de dorsales y pinzas estar\u00e1 en la Plaza del Ayuntamiento. Los participantes recoger\u00e1n su dorsal y su pinza y se dirigir\u00e1n a la salida por la ruta balizada.<\/p>\n<p><span style=\"color: #ff0000;\"><strong>No podr\u00e1n estar por las calles del pueblo antes de la carrera.<\/strong><\/span><\/p>\n<p><span style=\"color: #ff0000;\"><strong><u>INSCRIPCIONES<\/u><\/strong><\/span><\/p>\n<p>Las inscripciones se abrir\u00e1n el <strong>25 de Marzo<\/strong> \u00a0y se cerrar\u00e1n el <strong>6 de Abril a las 22:00<\/strong>.<\/p>\n<p><span style=\"color: #ff0000;\"><strong>FORMULARIOS de INSCRIPCI\u00d3N<\/strong><\/span><\/p>\n<p><a href=\"https:\/\/forms.gle\/rsWx8PM2j9jTVCx16\"><img loading=\"lazy\" decoding=\"async\" class=\"aligncenter size-medium wp-image-7534\" src=\"https:\/\/www.clubsurco.es\/wp-content\/uploads\/Bot\u00f3n-Verde-JDM-300x109.png\" alt=\"\" width=\"300\" height=\"109\" srcset=\"https:\/\/www.clubsurco.es\/wp-content\/uploads\/Bot\u00f3n-Verde-JDM-300x109.png 300w, https:\/\/www.clubsurco.es\/wp-content\/uploads\/Bot\u00f3n-Verde-JDM.png 603w\" sizes=\"auto, (max-width: 300px) 100vw, 300px\" \/><\/a><\/p>\n<p><a href=\"https:\/\/forms.gle\/WmeoWDfSHGH1vhhx7\"><img loading=\"lazy\" decoding=\"async\" class=\"aligncenter size-medium wp-image-7535\" src=\"https:\/\/www.clubsurco.es\/wp-content\/uploads\/Bot\u00f3n-Verde-s\u00f3lo-esta-carrera-sin-JDM-300x109.png\" alt=\"\" width=\"300\" height=\"109\" srcset=\"https:\/\/www.clubsurco.es\/wp-content\/uploads\/Bot\u00f3n-Verde-s\u00f3lo-esta-carrera-sin-JDM-300x109.png 300w, https:\/\/www.clubsurco.es\/wp-content\/uploads\/Bot\u00f3n-Verde-s\u00f3lo-esta-carrera-sin-JDM.png 603w\" sizes=\"auto, (max-width: 300px) 100vw, 300px\" \/><\/a><\/p>\n<p><a href=\"https:\/\/www.clubsurco.es\/wp-content\/uploads\/4b-Inscritos-3-JDM-Illar-Actualizado-2026-04-08-22h00.pdf\"><img loading=\"lazy\" decoding=\"async\" class=\"aligncenter size-medium wp-image-5621\" src=\"https:\/\/www.clubsurco.es\/wp-content\/uploads\/Inscritos-verde-300x109.jpg\" alt=\"\" width=\"300\" height=\"109\" srcset=\"https:\/\/www.clubsurco.es\/wp-content\/uploads\/Inscritos-verde-300x109.jpg 300w, https:\/\/www.clubsurco.es\/wp-content\/uploads\/Inscritos-verde.jpg 603w\" sizes=\"auto, (max-width: 300px) 100vw, 300px\" \/><\/a><\/p>\n<p style=\"text-align: center;\">Actualizado\u00a0 2026-04-08 a las 22h<\/p>\n<p><span style=\"color: #ff0000;\"><strong><u>LOCALIZACI\u00d3N de META y CENTRO de COMPETICI\u00d3N<\/u><\/strong><\/span><\/p>\n<p><a href=\"https:\/\/www.google.com\/maps\/d\/u\/0\/edit?mid=1bWZ1IzkTfZc8xJ_zlcHPNB7ePxZOAx0&amp;usp=sharing\"><img loading=\"lazy\" decoding=\"async\" class=\"aligncenter wp-image-9607\" src=\"https:\/\/www.clubsurco.es\/wp-content\/uploads\/Illar-Zona-de-Competicion-300x236.jpg\" alt=\"\" width=\"500\" height=\"393\" srcset=\"https:\/\/www.clubsurco.es\/wp-content\/uploads\/Illar-Zona-de-Competicion-300x236.jpg 300w, https:\/\/www.clubsurco.es\/wp-content\/uploads\/Illar-Zona-de-Competicion-619x486.jpg 619w, https:\/\/www.clubsurco.es\/wp-content\/uploads\/Illar-Zona-de-Competicion.jpg 686w\" sizes=\"auto, (max-width: 500px) 100vw, 500px\" \/><\/a><\/p>\n<div id=\"attachment_9284\" style=\"width: 449px\" class=\"wp-caption aligncenter\"><img loading=\"lazy\" decoding=\"async\" aria-describedby=\"caption-attachment-9284\" class=\" wp-image-9284\" src=\"https:\/\/www.clubsurco.es\/wp-content\/uploads\/Publicidad-PMD-JDM-2026-red-300x56.jpg\" alt=\"\" width=\"439\" height=\"82\" srcset=\"https:\/\/www.clubsurco.es\/wp-content\/uploads\/Publicidad-PMD-JDM-2026-red-300x56.jpg 300w, https:\/\/www.clubsurco.es\/wp-content\/uploads\/Publicidad-PMD-JDM-2026-red-1024x192.jpg 1024w, https:\/\/www.clubsurco.es\/wp-content\/uploads\/Publicidad-PMD-JDM-2026-red-768x144.jpg 768w, https:\/\/www.clubsurco.es\/wp-content\/uploads\/Publicidad-PMD-JDM-2026-red-1536x288.jpg 1536w, https:\/\/www.clubsurco.es\/wp-content\/uploads\/Publicidad-PMD-JDM-2026-red-619x116.jpg 619w, https:\/\/www.clubsurco.es\/wp-content\/uploads\/Publicidad-PMD-JDM-2026-red.jpg 2000w\" sizes=\"auto, (max-width: 439px) 100vw, 439px\" \/><p id=\"caption-attachment-9284\" class=\"wp-caption-text\">File written by Adobe Photoshop\u00a8 4.0<\/p><\/div>\n","protected":false},"excerpt":{"rendered":"<p>3\u00aa JDM \u2013 11 Abril \u2013 \u00cdllar I Carrera de Orientaci\u00f3n Villa de \u00cdllar Esta ma\u00f1ana se ha celebrado la 3\u00aa prueba de los JDM 2026 en \u00cdLLAR. Tambi\u00e9n ha sido la I Carrera de Orientaci\u00f3n Villa de \u00cdllar. Aqu\u00ed est\u00e1n los resultados. Se abre un plazo de 3 d\u00edas para formular reclamaciones. Si las [&hellip;]<\/p>\n","protected":false},"author":1,"featured_media":0,"parent":1959,"menu_order":3,"comment_status":"closed","ping_status":"closed","template":"","meta":{"footnotes":""},"class_list":["post-2379","page","type-page","status-publish","hentry"],"_links":{"self":[{"href":"https:\/\/www.clubsurco.es\/index.php?rest_route=\/wp\/v2\/pages\/2379","targetHints":{"allow":["GET"]}}],"collection":[{"href":"https:\/\/www.clubsurco.es\/index.php?rest_route=\/wp\/v2\/pages"}],"about":[{"href":"https:\/\/www.clubsurco.es\/index.php?rest_route=\/wp\/v2\/types\/page"}],"author":[{"embeddable":true,"href":"https:\/\/www.clubsurco.es\/index.php?rest_route=\/wp\/v2\/users\/1"}],"replies":[{"embeddable":true,"href":"https:\/\/www.clubsurco.es\/index.php?rest_route=%2Fwp%2Fv2%2Fcomments&post=2379"}],"version-history":[{"count":124,"href":"https:\/\/www.clubsurco.es\/index.php?rest_route=\/wp\/v2\/pages\/2379\/revisions"}],"predecessor-version":[{"id":9688,"href":"https:\/\/www.clubsurco.es\/index.php?rest_route=\/wp\/v2\/pages\/2379\/revisions\/9688"}],"up":[{"embeddable":true,"href":"https:\/\/www.clubsurco.es\/index.php?rest_route=\/wp\/v2\/pages\/1959"}],"wp:attachment":[{"href":"https:\/\/www.clubsurco.es\/index.php?rest_route=%2Fwp%2Fv2%2Fmedia&parent=2379"}],"curies":[{"name":"wp","href":"https:\/\/api.w.org\/{rel}","templated":true}]}}